{"id":664,"date":"2020-11-27T13:17:00","date_gmt":"2020-11-27T13:17:10","guid":{"rendered":"\/docs-mcloud\/tagesablauf\/"},"modified":"2026-03-26T14:17:00","modified_gmt":"2026-03-26T14:17:00","slug":"tagesablauf","status":"publish","type":"page","link":"\/docs-mcloud\/hilfe\/tagesablauf\/","title":{"rendered":"Tagesablauf (ma Audio)"},"content":{"rendered":"\n<p>Das Modul <em>Tagesablauf <\/em>erm\u00f6glicht die Betrachtung von T\u00e4tigkeiten und der Nutzung von Audio-Angeboten \u00fcber den Tag hinweg von 5.00 bis 24.00 mithilfe von Zeitschnitten. <\/p>\n\n\n\n<figure class=\"wp-block-image size-large\"><a href=\"\/docs-mcloud\/wp-content\/uploads\/sites\/4\/2020\/12\/Tagesablauf_Uebersicht.png\"><img loading=\"lazy\" decoding=\"async\" width=\"1024\" height=\"521\" src=\"\/docs-mcloud\/wp-content\/uploads\/sites\/4\/2020\/12\/Tagesablauf_Uebersicht-1024x521.png\" alt=\"\" class=\"wp-image-2124\" srcset=\"\/docs-mcloud\/wp-content\/uploads\/sites\/4\/2020\/12\/Tagesablauf_Uebersicht-1024x521.png 1024w, \/docs-mcloud\/wp-content\/uploads\/sites\/4\/2020\/12\/Tagesablauf_Uebersicht-300x153.png 300w, \/docs-mcloud\/wp-content\/uploads\/sites\/4\/2020\/12\/Tagesablauf_Uebersicht-768x391.png 768w, \/docs-mcloud\/wp-content\/uploads\/sites\/4\/2020\/12\/Tagesablauf_Uebersicht.png 1126w\" sizes=\"auto, (max-width: 1024px) 100vw, 1024px\" \/><\/a><\/figure>\n\n\n\n<p>Im Datenpanel ist ein zus\u00e4tzlicher Reiter <em>Tagesablauf <\/em><span class=\"has-inline-color has-vivid-red-color\">(1)<\/span> enthalten. Dieser enth\u00e4lt alle Informationen, die spezifisch f\u00fcr das Modul Tagesablauf zur Verf\u00fcgung stehen. Informationen aus diesem Reiter k\u00f6nnen per Drag &amp; Drop ausschlie\u00dflich in den Arbeitsbereich gezogen werden. Merkmale aus dem <em>Codeplan <\/em>und den <em>Medien <\/em>k\u00f6nnen auch auf das <a href=\"\/docs-mcloud\/hilfe\/programmoberflaeche\/zielgruppenpanel\/\">Zielgruppenpanel<\/a> gezogen werden.<\/p>\n\n\n\n<p>In der <em>Infobar <\/em>stehen verschiedene <em>Gewichte <\/em><span class=\"has-inline-color has-vivid-red-color\">(2)<\/span> sowie ein <em>Justierungsfaktor <\/em><span class=\"has-inline-color has-vivid-red-color\">(3)<\/span> f\u00fcr die <em>Hochrechnung in Tsd.<\/em> bzw. <em>Hochrechnung in Mio.<\/em> zur Verf\u00fcgung. Standard ist ein Justierungsfaktor von 1,00, sodass die Hochrechnung derjenigen der Studie entspricht.<\/p>\n","protected":false},"excerpt":{"rendered":"<p>Das Modul Tagesablauf erm\u00f6glicht die Betrachtung von T\u00e4tigkeiten und der Nutzung von Audio-Angeboten \u00fcber den Tag hinweg von 5.00 bis 24.00 mithilfe von Zeitschnitten. Im Datenpanel ist ein zus\u00e4tzlicher Reiter Tagesablauf (1) enthalten. Dieser enth\u00e4lt alle Informationen, die spezifisch f\u00fcr das Modul Tagesablauf zur Verf\u00fcgung stehen. Informationen aus diesem Reiter k\u00f6nnen per Drag &amp; Drop [&hellip;]<\/p>\n","protected":false},"author":1,"featured_media":0,"parent":5,"menu_order":10,"comment_status":"closed","ping_status":"closed","template":"","meta":{"_acf_changed":false,"inline_featured_image":false,"footnotes":""},"class_list":["post-664","page","type-page","status-publish","hentry"],"acf":[],"_links":{"self":[{"href":"\/docs-mcloud\/wp-json\/wp\/v2\/pages\/664","targetHints":{"allow":["GET"]}}],"collection":[{"href":"\/docs-mcloud\/wp-json\/wp\/v2\/pages"}],"about":[{"href":"\/docs-mcloud\/wp-json\/wp\/v2\/types\/page"}],"author":[{"embeddable":true,"href":"\/docs-mcloud\/wp-json\/wp\/v2\/users\/1"}],"replies":[{"embeddable":true,"href":"\/docs-mcloud\/wp-json\/wp\/v2\/comments?post=664"}],"version-history":[{"count":4,"href":"\/docs-mcloud\/wp-json\/wp\/v2\/pages\/664\/revisions"}],"predecessor-version":[{"id":3164,"href":"\/docs-mcloud\/wp-json\/wp\/v2\/pages\/664\/revisions\/3164"}],"up":[{"embeddable":true,"href":"\/docs-mcloud\/wp-json\/wp\/v2\/pages\/5"}],"wp:attachment":[{"href":"\/docs-mcloud\/wp-json\/wp\/v2\/media?parent=664"}],"curies":[{"name":"wp","href":"https:\/\/api.w.org\/{rel}","templated":true}]}}